{"id":1645,"date":"2021-03-17T08:19:38","date_gmt":"2021-03-17T07:19:38","guid":{"rendered":"https:\/\/aestheticroom.it\/chi-sono\/"},"modified":"2025-08-23T21:29:52","modified_gmt":"2025-08-23T19:29:52","slug":"chi-sono","status":"publish","type":"page","link":"https:\/\/aestheticroom.it\/it\/chi-sono\/","title":{"rendered":"Chi sono"},"content":{"rendered":"\t\t<div data-elementor-type=\"wp-page\" data-elementor-id=\"1645\" class=\"elementor elementor-1645 elementor-153\" data-elementor-post-type=\"page\">\n\t\t\t\t\t\t<section class=\"elementor-section elementor-top-section elementor-element elementor-element-110ec59 elementor-section-boxed elementor-section-height-default elementor-section-height-default\" data-id=\"110ec59\" data-element_type=\"section\" data-e-type=\"section\" data-settings=\"{&quot;background_background&quot;:&quot;classic&quot;}\">\n\t\t\t\t\t\t<div class=\"elementor-container elementor-column-gap-no\">\n\t\t\t\t\t<div class=\"elementor-column elementor-col-100 elementor-top-column elementor-element elementor-element-6090683\" data-id=\"6090683\" data-element_type=\"column\" data-e-type=\"column\">\n\t\t\t<div class=\"elementor-widget-wrap\">\n\t\t\t\t\t\t\t<\/div>\n\t\t<\/div>\n\t\t\t\t\t<\/div>\n\t\t<\/section>\n\t\t\t\t<section class=\"elementor-section elementor-top-section elementor-element elementor-element-a995cda elementor-section-boxed elementor-section-height-default elementor-section-height-default\" data-id=\"a995cda\" data-element_type=\"section\" data-e-type=\"section\">\n\t\t\t\t\t\t<div class=\"elementor-container elementor-column-gap-no\">\n\t\t\t\t\t<div class=\"elementor-column elementor-col-100 elementor-top-column elementor-element elementor-element-f94a4b5\" data-id=\"f94a4b5\" data-element_type=\"column\" data-e-type=\"column\">\n\t\t\t<div class=\"elementor-widget-wrap elementor-element-populated\">\n\t\t\t\t\t\t<div class=\"elementor-element elementor-element-6960fd9 elementor-widget elementor-widget-heading\" data-id=\"6960fd9\" data-element_type=\"widget\" data-e-type=\"widget\" data-widget_type=\"heading.default\">\n\t\t\t\t<div class=\"elementor-widget-container\">\n\t\t\t\t\t<h1 class=\"elementor-heading-title elementor-size-default\">Medicina estetica e chirurgia del viso a Lagundo vicino Merano \u2013 Dr.Dr.ssa Evelyn Gander<\/h1>\t\t\t\t<\/div>\n\t\t\t\t<\/div>\n\t\t\t\t<div class=\"elementor-element elementor-element-17b4f77 elementor-widget-divider--view-line elementor-widget elementor-widget-divider\" data-id=\"17b4f77\" data-element_type=\"widget\" data-e-type=\"widget\" data-widget_type=\"divider.default\">\n\t\t\t\t<div class=\"elementor-widget-container\">\n\t\t\t\t\t\t\t<div class=\"elementor-divider\">\n\t\t\t<span class=\"elementor-divider-separator\">\n\t\t\t\t\t\t<\/span>\n\t\t<\/div>\n\t\t\t\t\t\t<\/div>\n\t\t\t\t<\/div>\n\t\t\t\t<section class=\"elementor-section elementor-inner-section elementor-element elementor-element-af7e6e3 elementor-section-full_width elementor-section-height-default elementor-section-height-default\" data-id=\"af7e6e3\" data-element_type=\"section\" data-e-type=\"section\">\n\t\t\t\t\t\t<div class=\"elementor-container elementor-column-gap-no\">\n\t\t\t\t\t<div class=\"elementor-column elementor-col-50 elementor-inner-column elementor-element elementor-element-ced229a\" data-id=\"ced229a\" data-element_type=\"column\" data-e-type=\"column\">\n\t\t\t<div class=\"elementor-widget-wrap elementor-element-populated\">\n\t\t\t\t\t\t<div class=\"elementor-element elementor-element-86f86ff elementor-widget elementor-widget-text-editor\" data-id=\"86f86ff\" data-element_type=\"widget\" data-e-type=\"widget\" data-widget_type=\"text-editor.default\">\n\t\t\t\t<div class=\"elementor-widget-container\">\n\t\t\t\t\t\t\t\t\t<p style=\"font-weight: 400;\">Con oltre 18 anni di esperienza nel campo della medicina estetica e della chirurgia plastica, nel mio studio \u201cAesthetic Room\u201d a Lagundo, vicino Merano, offro trattamenti moderni, sicuri e altamente personalizzati. Come specialista in chirurgia maxillo-facciale, mi concentro su tecniche estetiche raffinate e mini-invasive. La mia formazione a Innsbruck, Heidelberg e Stoccarda \u2013 unita a un master in \u201cChirurgia estetica del viso\u201d \u2013 rappresenta la base per soluzioni individuali e precise, pensate per soddisfare i desideri unici di ogni persona. Molti dei miei pazienti provengono da Lagundo, Merano, Bolzano e dalle zone limitrofe. Apprezzano l\u2019ambiente professionale, la consulenza personale e i risultati estetici naturali e armoniosi.<\/p><p>\u00a0<\/p><p style=\"font-weight: 400;\">Vi invito a scoprire di pi\u00f9 sul mio percorso professionale e su come \u00e8 nato l\u2019 Aesthetic Room\u201d \u2013 un luogo dedicato alla bellezza e al benessere, nel cuore dell\u2019 Alto Adige.<\/p>\t\t\t\t\t\t\t\t<\/div>\n\t\t\t\t<\/div>\n\t\t\t\t\t<\/div>\n\t\t<\/div>\n\t\t\t\t<div class=\"elementor-column elementor-col-50 elementor-inner-column elementor-element elementor-element-7b22ff4\" data-id=\"7b22ff4\" data-element_type=\"column\" data-e-type=\"column\">\n\t\t\t<div class=\"elementor-widget-wrap elementor-element-populated\">\n\t\t\t\t\t\t<div class=\"elementor-element elementor-element-dc54266 elementor-widget elementor-widget-image\" data-id=\"dc54266\" data-element_type=\"widget\" data-e-type=\"widget\" data-widget_type=\"image.default\">\n\t\t\t\t<div class=\"elementor-widget-container\">\n\t\t\t\t\t\t\t\t\t\t\t\t\t\t\t<img fetchpriority=\"high\" decoding=\"async\" width=\"300\" height=\"416\" src=\"https:\/\/aestheticroom.it\/wp-content\/uploads\/2023\/12\/Dr_Dr_Evelyn_Gander_Ueber_mich.png\" class=\"attachment-large size-large wp-image-1589\" alt=\"\" srcset=\"https:\/\/aestheticroom.it\/wp-content\/uploads\/2023\/12\/Dr_Dr_Evelyn_Gander_Ueber_mich.png 300w, https:\/\/aestheticroom.it\/wp-content\/uploads\/2023\/12\/Dr_Dr_Evelyn_Gander_Ueber_mich-216x300.png 216w\" sizes=\"(max-width: 300px) 100vw, 300px\" \/>\t\t\t\t\t\t\t\t\t\t\t\t\t\t\t<\/div>\n\t\t\t\t<\/div>\n\t\t\t\t\t<\/div>\n\t\t<\/div>\n\t\t\t\t\t<\/div>\n\t\t<\/section>\n\t\t\t\t<div class=\"elementor-element elementor-element-c2b2e55 elementor-widget elementor-widget-heading\" data-id=\"c2b2e55\" data-element_type=\"widget\" data-e-type=\"widget\" data-widget_type=\"heading.default\">\n\t\t\t\t<div class=\"elementor-widget-container\">\n\t\t\t\t\t<h2 class=\"elementor-heading-title elementor-size-default\">Il mio percorso \u2013 Da Merano al mondo e ritorno a Lagundo<\/h2>\t\t\t\t<\/div>\n\t\t\t\t<\/div>\n\t\t\t\t<section class=\"elementor-section elementor-inner-section elementor-element elementor-element-1a7c82a elementor-section-full_width elementor-section-height-default elementor-section-height-default\" data-id=\"1a7c82a\" data-element_type=\"section\" data-e-type=\"section\" data-settings=\"{&quot;background_background&quot;:&quot;classic&quot;}\">\n\t\t\t\t\t\t<div class=\"elementor-container elementor-column-gap-no\">\n\t\t\t\t\t<div class=\"elementor-column elementor-col-50 elementor-inner-column elementor-element elementor-element-f62b9d7\" data-id=\"f62b9d7\" data-element_type=\"column\" data-e-type=\"column\">\n\t\t\t<div class=\"elementor-widget-wrap elementor-element-populated\">\n\t\t\t\t\t\t<div class=\"elementor-element elementor-element-e373539 elementor-widget elementor-widget-text-editor\" data-id=\"e373539\" data-element_type=\"widget\" data-e-type=\"widget\" data-widget_type=\"text-editor.default\">\n\t\t\t\t<div class=\"elementor-widget-container\">\n\t\t\t\t\t\t\t\t\t<p><span style=\"color: #fff; background: #a78a69; padding: 5px; border-radius: 29px; margin-right: 5px;\">1982<\/span><span lang=\"EN-US\">Nata e cresciuta a Merano (Alto Adige)<\/span><\/p>\t\t\t\t\t\t\t\t<\/div>\n\t\t\t\t<\/div>\n\t\t\t\t<div class=\"elementor-element elementor-element-ac8a09a elementor-widget elementor-widget-text-editor\" data-id=\"ac8a09a\" data-element_type=\"widget\" data-e-type=\"widget\" data-widget_type=\"text-editor.default\">\n\t\t\t\t<div class=\"elementor-widget-container\">\n\t\t\t\t\t\t\t\t\t<p><span style=\"color: #fff; background: #a78a69; padding: 5px; border-radius: 29px; margin-right: 5px;\">1986<\/span><span lang=\"EN-US\">Gi\u00e0 all\u2019et\u00e0 di 4 anni sognavo di diventare medico, ispirata dalla mia prima valigetta da dottoressa<\/span><\/p>\t\t\t\t\t\t\t\t<\/div>\n\t\t\t\t<\/div>\n\t\t\t\t<div class=\"elementor-element elementor-element-7ae48c4 elementor-widget elementor-widget-text-editor\" data-id=\"7ae48c4\" data-element_type=\"widget\" data-e-type=\"widget\" data-widget_type=\"text-editor.default\">\n\t\t\t\t<div class=\"elementor-widget-container\">\n\t\t\t\t\t\t\t\t\t<p><span style=\"color: #fff; background: #a78a69; padding: 5px; border-radius: 29px; margin-right: 5px;\">2001-2009<\/span>Studi in medicina e odontoiatria presso l\u2019Universit\u00e0 di Innsbruck, con doppia laurea e dottorato<\/p>\t\t\t\t\t\t\t\t<\/div>\n\t\t\t\t<\/div>\n\t\t\t\t<div class=\"elementor-element elementor-element-9b05f7b elementor-widget elementor-widget-text-editor\" data-id=\"9b05f7b\" data-element_type=\"widget\" data-e-type=\"widget\" data-widget_type=\"text-editor.default\">\n\t\t\t\t<div class=\"elementor-widget-container\">\n\t\t\t\t\t\t\t\t\t<p><span style=\"color: #fff; background: #a78a69; padding: 5px; border-radius: 29px; margin-right: 5px;\">dal 2005<\/span><span lang=\"EN-US\">Formazione continua in medicina estetica mini invasiva<\/span><\/p>\t\t\t\t\t\t\t\t<\/div>\n\t\t\t\t<\/div>\n\t\t\t\t<div class=\"elementor-element elementor-element-faa96e6 elementor-widget elementor-widget-text-editor\" data-id=\"faa96e6\" data-element_type=\"widget\" data-e-type=\"widget\" data-widget_type=\"text-editor.default\">\n\t\t\t\t<div class=\"elementor-widget-container\">\n\t\t\t\t\t\t\t\t\t<p><span style=\"color: #fff; background: #a78a69; padding: 5px; border-radius: 29px; margin-right: 5px;\">2010-2016<\/span>Medico assistente in chirurgia maxillo-facciale presso la clinica universitaria di Heidelberg<\/p>\t\t\t\t\t\t\t\t<\/div>\n\t\t\t\t<\/div>\n\t\t\t\t<div class=\"elementor-element elementor-element-37beeda elementor-widget elementor-widget-text-editor\" data-id=\"37beeda\" data-element_type=\"widget\" data-e-type=\"widget\" data-widget_type=\"text-editor.default\">\n\t\t\t\t<div class=\"elementor-widget-container\">\n\t\t\t\t\t\t\t\t\t<p><span style=\"color: #fff; background: #a78a69; padding: 5px; border-radius: 29px; margin-right: 5px;\">dal 2010<\/span><span lang=\"EN-US\">Ampia esperienza operatoria nella chirurgia estetica e ricostruttiva del viso<\/span><\/p>\t\t\t\t\t\t\t\t<\/div>\n\t\t\t\t<\/div>\n\t\t\t\t\t<\/div>\n\t\t<\/div>\n\t\t\t\t<div class=\"elementor-column elementor-col-50 elementor-inner-column elementor-element elementor-element-043afb5\" data-id=\"043afb5\" data-element_type=\"column\" data-e-type=\"column\">\n\t\t\t<div class=\"elementor-widget-wrap elementor-element-populated\">\n\t\t\t\t\t\t<div class=\"elementor-element elementor-element-b2e6c93 elementor-widget elementor-widget-text-editor\" data-id=\"b2e6c93\" data-element_type=\"widget\" data-e-type=\"widget\" data-widget_type=\"text-editor.default\">\n\t\t\t\t<div class=\"elementor-widget-container\">\n\t\t\t\t\t\t\t\t\t<p><span style=\"color: #fff; background: #a78a69; padding: 5px; border-radius: 29px; margin-right: 5px;\">dal 2015<\/span><span lang=\"EN-US\">Specialista in chirurgia maxillo-facciale<\/span><\/p>\t\t\t\t\t\t\t\t<\/div>\n\t\t\t\t<\/div>\n\t\t\t\t<div class=\"elementor-element elementor-element-1eaf599 elementor-widget elementor-widget-text-editor\" data-id=\"1eaf599\" data-element_type=\"widget\" data-e-type=\"widget\" data-widget_type=\"text-editor.default\">\n\t\t\t\t<div class=\"elementor-widget-container\">\n\t\t\t\t\t\t\t\t\t<p><span style=\"color: #fff; background: #a78a69; padding: 5px; border-radius: 29px; margin-right: 5px;\">2015<\/span>\u00a0<span lang=\"EN-US\">Conseguimento del master in \u201cChirurgia estetica del viso\u201d<\/span><\/p>\t\t\t\t\t\t\t\t<\/div>\n\t\t\t\t<\/div>\n\t\t\t\t<div class=\"elementor-element elementor-element-11cd1f2 elementor-widget elementor-widget-text-editor\" data-id=\"11cd1f2\" data-element_type=\"widget\" data-e-type=\"widget\" data-widget_type=\"text-editor.default\">\n\t\t\t\t<div class=\"elementor-widget-container\">\n\t\t\t\t\t\t\t\t\t<p><span style=\"color: #fff; background: #a78a69; padding: 5px; border-radius: 29px; margin-right: 5px;\">2016-2018<\/span><span lang=\"EN-US\">Primario presso l\u2019ospedale Katharinenhospital di Stoccarda (chirurgia maxillo-facciale)<\/span><\/p>\t\t\t\t\t\t\t\t<\/div>\n\t\t\t\t<\/div>\n\t\t\t\t<div class=\"elementor-element elementor-element-fb62e41 elementor-widget elementor-widget-text-editor\" data-id=\"fb62e41\" data-element_type=\"widget\" data-e-type=\"widget\" data-widget_type=\"text-editor.default\">\n\t\t\t\t<div class=\"elementor-widget-container\">\n\t\t\t\t\t\t\t\t\t<p><span style=\"color: #fff; background: #a78a69; padding: 5px; border-radius: 29px; margin-right: 5px;\">dal 2016<\/span><span lang=\"EN-US\">Specializzazione aggiuntiva in chirurgia orale<\/span><\/p>\t\t\t\t\t\t\t\t<\/div>\n\t\t\t\t<\/div>\n\t\t\t\t<div class=\"elementor-element elementor-element-4c2a376 elementor-widget elementor-widget-text-editor\" data-id=\"4c2a376\" data-element_type=\"widget\" data-e-type=\"widget\" data-widget_type=\"text-editor.default\">\n\t\t\t\t<div class=\"elementor-widget-container\">\n\t\t\t\t\t\t\t\t\t<p><span style=\"color: #fff; background: #a78a69; padding: 5px; border-radius: 29px; margin-right: 5px;\">2020 &#8211; 2025<\/span><span lang=\"EN-US\">Fondazione di \u201cAesthetic Room\u201d come base per trattamenti estetici per donne e uomini a Ravensburg, Germania<\/span><\/p>\t\t\t\t\t\t\t\t<\/div>\n\t\t\t\t<\/div>\n\t\t\t\t<div class=\"elementor-element elementor-element-1b28f8b elementor-widget elementor-widget-text-editor\" data-id=\"1b28f8b\" data-element_type=\"widget\" data-e-type=\"widget\" data-widget_type=\"text-editor.default\">\n\t\t\t\t<div class=\"elementor-widget-container\">\n\t\t\t\t\t\t\t\t\t<p><span style=\"color: #fff; background: #a78a69; padding: 5px; border-radius: 29px; margin-right: 5px;\">2025<\/span>Nuova apertura di Aesthetic Room a Lagundo<\/p>\t\t\t\t\t\t\t\t<\/div>\n\t\t\t\t<\/div>\n\t\t\t\t\t<\/div>\n\t\t<\/div>\n\t\t\t\t\t<\/div>\n\t\t<\/section>\n\t\t\t\t<div class=\"elementor-element elementor-element-9946196 elementor-widget elementor-widget-heading\" data-id=\"9946196\" data-element_type=\"widget\" data-e-type=\"widget\" data-widget_type=\"heading.default\">\n\t\t\t\t<div class=\"elementor-widget-container\">\n\t\t\t\t\t<h2 class=\"elementor-heading-title elementor-size-default\">Il mio approccio \u2013 Bellezza naturale e personalizzata<\/h2>\t\t\t\t<\/div>\n\t\t\t\t<\/div>\n\t\t\t\t<div class=\"elementor-element elementor-element-daa0626 elementor-widget elementor-widget-text-editor\" data-id=\"daa0626\" data-element_type=\"widget\" data-e-type=\"widget\" data-widget_type=\"text-editor.default\">\n\t\t\t\t<div class=\"elementor-widget-container\">\n\t\t\t\t\t\t\t\t\t<p style=\"font-weight: 400;\">Ogni persona \u00e8 unica \u2013 e cos\u00ec anche la sua idea di bellezza. Nel mio studio a Lagundo, offro trattamenti estetici moderni e personalizzati che rispettano l\u2019individualit\u00e0 del paziente. Molti desiderano un aspetto pi\u00f9 fresco, pi\u00f9 riposato, pi\u00f9 vicino al proprio sentire \u2013 senza stravolgimenti.<\/p><p style=\"font-weight: 400;\">\u00a0<\/p><p style=\"font-weight: 400;\">Con tecniche avanzate \u00e8 oggi possibile ridurre le rughe, ripristinare volumi, migliorare la qualit\u00e0 della pelle e trattare zone problematiche \u2013 tutto in modo delicato e non invasivo. Anche cicatrici o imperfezioni cutanee possono essere migliorate in modo visibile.<\/p><p style=\"font-weight: 400;\">\u00a0<\/p><p style=\"font-weight: 400;\">Mi prendo il tempo necessario per ascoltarvi, consigliarvi con sincerit\u00e0 e proporvi un trattamento realistico. Fiducia, esperienza e sensibilit\u00e0 estetica sono per me fondamentali.<\/p>\t\t\t\t\t\t\t\t<\/div>\n\t\t\t\t<\/div>\n\t\t\t\t<div class=\"elementor-element elementor-element-71ebc7b elementor-widget elementor-widget-heading\" data-id=\"71ebc7b\" data-element_type=\"widget\" data-e-type=\"widget\" data-widget_type=\"heading.default\">\n\t\t\t\t<div class=\"elementor-widget-container\">\n\t\t\t\t\t<h2 class=\"elementor-heading-title elementor-size-default\">Botox \u2013 Trattamento delle rughe con un effetto naturale<\/h2>\t\t\t\t<\/div>\n\t\t\t\t<\/div>\n\t\t\t\t<div class=\"elementor-element elementor-element-7eff384 elementor-widget elementor-widget-text-editor\" data-id=\"7eff384\" data-element_type=\"widget\" data-e-type=\"widget\" data-widget_type=\"text-editor.default\">\n\t\t\t\t<div class=\"elementor-widget-container\">\n\t\t\t\t\t\t\t\t\t<p style=\"font-weight: 400;\">Il botulino (Botox) \u00e8 ideale per attenuare rughe d\u2019espressione come quelle sulla fronte, tra le sopracciglia o ai lati degli occhi. Il suo effetto rilassante agisce in pochi giorni e dura tra 3 e 6 mesi. Nel mio studio, il Botox viene applicato con estrema precisione per mantenere l\u2019espressivit\u00e0 del viso: l\u2019obiettivo \u00e8 un aspetto rilassato e fresco \u2013 senza \u201ceffetto maschera\u201d.<\/p>\t\t\t\t\t\t\t\t<\/div>\n\t\t\t\t<\/div>\n\t\t\t\t<div class=\"elementor-element elementor-element-e8f0eb0 elementor-widget elementor-widget-heading\" data-id=\"e8f0eb0\" data-element_type=\"widget\" data-e-type=\"widget\" data-widget_type=\"heading.default\">\n\t\t\t\t<div class=\"elementor-widget-container\">\n\t\t\t\t\t<h2 class=\"elementor-heading-title elementor-size-default\">Microneedling \u2013 Ringiovanimento cutaneo delicato<\/h2>\t\t\t\t<\/div>\n\t\t\t\t<\/div>\n\t\t\t\t<div class=\"elementor-element elementor-element-d2a69a1 elementor-widget elementor-widget-text-editor\" data-id=\"d2a69a1\" data-element_type=\"widget\" data-e-type=\"widget\" data-widget_type=\"text-editor.default\">\n\t\t\t\t<div class=\"elementor-widget-container\">\n\t\t\t\t\t\t\t\t\t<p style=\"font-weight: 400;\">Il microneedling \u00e8 una delle tecniche anti-age pi\u00f9 efficaci: tramite microaghi si stimola la produzione di collagene e si attiva il naturale processo di rigenerazione della pelle. \u00c8 particolarmente indicato per pelle spenta, pori dilatati, couperose, pigmentazioni irregolari e cicatrici. Il trattamento \u00e8 ben tollerato, mini-invasivo e porta risultati visibili gi\u00e0 dopo poche sedute.<\/p>\t\t\t\t\t\t\t\t<\/div>\n\t\t\t\t<\/div>\n\t\t\t\t<div class=\"elementor-element elementor-element-7f207fd elementor-widget elementor-widget-heading\" data-id=\"7f207fd\" data-element_type=\"widget\" data-e-type=\"widget\" data-widget_type=\"heading.default\">\n\t\t\t\t<div class=\"elementor-widget-container\">\n\t\t\t\t\t<h2 class=\"elementor-heading-title elementor-size-default\">Acido ialuronico \u2013 Ripristinare volume e freschezza<\/h2>\t\t\t\t<\/div>\n\t\t\t\t<\/div>\n\t\t\t\t<div class=\"elementor-element elementor-element-a004301 elementor-widget elementor-widget-text-editor\" data-id=\"a004301\" data-element_type=\"widget\" data-e-type=\"widget\" data-widget_type=\"text-editor.default\">\n\t\t\t\t<div class=\"elementor-widget-container\">\n\t\t\t\t\t\t\t\t\t<p style=\"font-weight: 400;\">L\u2019acido ialuronico \u00e8 una sostanza naturalmente presente nel corpo, che trattiene l\u2019idratazione e dona volume. Viene impiegato per riempire le rughe naso-labiali, valorizzare le labbra, dare tono alle guance e ristrutturare il volto in modo armonioso. Utilizzo solo materiali di altissima qualit\u00e0, approvati e sicuri. Il trattamento \u00e8 rapido, poco invasivo e con effetto immediato.<\/p>\t\t\t\t\t\t\t\t<\/div>\n\t\t\t\t<\/div>\n\t\t\t\t\t<\/div>\n\t\t<\/div>\n\t\t\t\t\t<\/div>\n\t\t<\/section>\n\t\t\t\t<\/div>\n\t\t","protected":false},"excerpt":{"rendered":"<p>Medicina estetica e chirurgia del viso a Lagundo vicino Merano \u2013 Dr.Dr.ssa Evelyn Gander Con oltre 18 anni di esperienza nel campo della medicina estetica e della chirurgia plastica, nel mio studio \u201cAesthetic Room\u201d a Lagundo, vicino Merano, offro trattamenti moderni, sicuri e altamente personalizzati. Come specialista in chirurgia maxillo-facciale, mi concentro su tecniche estetiche [&hellip;]<\/p>\n","protected":false},"author":3,"featured_media":0,"parent":0,"menu_order":0,"comment_status":"closed","ping_status":"closed","template":"","meta":{"footnotes":""},"class_list":["post-1645","page","type-page","status-publish","hentry"],"yoast_head":"<!-- This site is optimized with the Yoast SEO plugin v27.4 - https:\/\/yoast.com\/product\/yoast-seo-wordpress\/ -->\n<title>Chi sono &#8902; Aestheticroom Bozen<\/title>\n<meta name=\"robots\" content=\"index, follow, max-snippet:-1, max-image-preview:large, max-video-preview:-1\" \/>\n<link rel=\"canonical\" href=\"https:\/\/aestheticroom.it\/it\/chi-sono\/\" \/>\n<meta property=\"og:locale\" content=\"it_IT\" \/>\n<meta property=\"og:type\" content=\"article\" \/>\n<meta property=\"og:title\" content=\"Chi sono &#8902; Aestheticroom Bozen\" \/>\n<meta property=\"og:description\" content=\"Medicina estetica e chirurgia del viso a Lagundo vicino Merano \u2013 Dr.Dr.ssa Evelyn Gander Con oltre 18 anni di esperienza nel campo della medicina estetica e della chirurgia plastica, nel mio studio \u201cAesthetic Room\u201d a Lagundo, vicino Merano, offro trattamenti moderni, sicuri e altamente personalizzati. Come specialista in chirurgia maxillo-facciale, mi concentro su tecniche estetiche [&hellip;]\" \/>\n<meta property=\"og:url\" content=\"https:\/\/aestheticroom.it\/it\/chi-sono\/\" \/>\n<meta property=\"og:site_name\" content=\"Aestheticroom Bozen\" \/>\n<meta property=\"article:publisher\" content=\"https:\/\/www.facebook.com\/Dr-Dr-Evelyn-Gander-540919670168888\" \/>\n<meta property=\"article:modified_time\" content=\"2025-08-23T19:29:52+00:00\" \/>\n<meta property=\"og:image\" content=\"https:\/\/aestheticroom.it\/wp-content\/uploads\/2023\/12\/Dr_Dr_Evelyn_Gander_Ueber_mich.png\" \/>\n\t<meta property=\"og:image:width\" content=\"300\" \/>\n\t<meta property=\"og:image:height\" content=\"416\" \/>\n\t<meta property=\"og:image:type\" content=\"image\/png\" \/>\n<meta name=\"twitter:card\" content=\"summary_large_image\" \/>\n<meta name=\"twitter:label1\" content=\"Tempo di lettura stimato\" \/>\n\t<meta name=\"twitter:data1\" content=\"4 minuti\" \/>\n<script type=\"application\/ld+json\" class=\"yoast-schema-graph\">{\"@context\":\"https:\\\/\\\/schema.org\",\"@graph\":[{\"@type\":\"WebPage\",\"@id\":\"https:\\\/\\\/aestheticroom.it\\\/it\\\/chi-sono\\\/\",\"url\":\"https:\\\/\\\/aestheticroom.it\\\/it\\\/chi-sono\\\/\",\"name\":\"Chi sono &#8902; Aestheticroom Bozen\",\"isPartOf\":{\"@id\":\"https:\\\/\\\/aestheticroom.it\\\/#website\"},\"primaryImageOfPage\":{\"@id\":\"https:\\\/\\\/aestheticroom.it\\\/it\\\/chi-sono\\\/#primaryimage\"},\"image\":{\"@id\":\"https:\\\/\\\/aestheticroom.it\\\/it\\\/chi-sono\\\/#primaryimage\"},\"thumbnailUrl\":\"https:\\\/\\\/aestheticroom.it\\\/wp-content\\\/uploads\\\/2023\\\/12\\\/Dr_Dr_Evelyn_Gander_Ueber_mich.png\",\"datePublished\":\"2021-03-17T07:19:38+00:00\",\"dateModified\":\"2025-08-23T19:29:52+00:00\",\"breadcrumb\":{\"@id\":\"https:\\\/\\\/aestheticroom.it\\\/it\\\/chi-sono\\\/#breadcrumb\"},\"inLanguage\":\"it-IT\",\"potentialAction\":[{\"@type\":\"ReadAction\",\"target\":[\"https:\\\/\\\/aestheticroom.it\\\/it\\\/chi-sono\\\/\"]}]},{\"@type\":\"ImageObject\",\"inLanguage\":\"it-IT\",\"@id\":\"https:\\\/\\\/aestheticroom.it\\\/it\\\/chi-sono\\\/#primaryimage\",\"url\":\"https:\\\/\\\/aestheticroom.it\\\/wp-content\\\/uploads\\\/2023\\\/12\\\/Dr_Dr_Evelyn_Gander_Ueber_mich.png\",\"contentUrl\":\"https:\\\/\\\/aestheticroom.it\\\/wp-content\\\/uploads\\\/2023\\\/12\\\/Dr_Dr_Evelyn_Gander_Ueber_mich.png\"},{\"@type\":\"BreadcrumbList\",\"@id\":\"https:\\\/\\\/aestheticroom.it\\\/it\\\/chi-sono\\\/#breadcrumb\",\"itemListElement\":[{\"@type\":\"ListItem\",\"position\":1,\"name\":\"Home\",\"item\":\"https:\\\/\\\/aestheticroom.it\\\/it\\\/\"},{\"@type\":\"ListItem\",\"position\":2,\"name\":\"Chi sono\"}]},{\"@type\":\"WebSite\",\"@id\":\"https:\\\/\\\/aestheticroom.it\\\/#website\",\"url\":\"https:\\\/\\\/aestheticroom.it\\\/\",\"name\":\"Aestheticroom Bozen\",\"description\":\"Dr. Dr. Evelyn Gander\",\"publisher\":{\"@id\":\"https:\\\/\\\/aestheticroom.it\\\/#organization\"},\"potentialAction\":[{\"@type\":\"SearchAction\",\"target\":{\"@type\":\"EntryPoint\",\"urlTemplate\":\"https:\\\/\\\/aestheticroom.it\\\/?s={search_term_string}\"},\"query-input\":{\"@type\":\"PropertyValueSpecification\",\"valueRequired\":true,\"valueName\":\"search_term_string\"}}],\"inLanguage\":\"it-IT\"},{\"@type\":\"Organization\",\"@id\":\"https:\\\/\\\/aestheticroom.it\\\/#organization\",\"name\":\"AESTHETIC ROOM by Dr Dr Evelyn Gander\",\"url\":\"https:\\\/\\\/aestheticroom.it\\\/\",\"logo\":{\"@type\":\"ImageObject\",\"inLanguage\":\"it-IT\",\"@id\":\"https:\\\/\\\/aestheticroom.it\\\/#\\\/schema\\\/logo\\\/image\\\/\",\"url\":\"https:\\\/\\\/aestheticroom.it\\\/wp-content\\\/uploads\\\/2021\\\/03\\\/logo-aestheticroom.png\",\"contentUrl\":\"https:\\\/\\\/aestheticroom.it\\\/wp-content\\\/uploads\\\/2021\\\/03\\\/logo-aestheticroom.png\",\"width\":4469,\"height\":2483,\"caption\":\"AESTHETIC ROOM by Dr Dr Evelyn Gander\"},\"image\":{\"@id\":\"https:\\\/\\\/aestheticroom.it\\\/#\\\/schema\\\/logo\\\/image\\\/\"},\"sameAs\":[\"https:\\\/\\\/www.facebook.com\\\/Dr-Dr-Evelyn-Gander-540919670168888\"]}]}<\/script>\n<!-- \/ Yoast SEO plugin. -->","yoast_head_json":{"title":"Chi sono &#8902; Aestheticroom Bozen","robots":{"index":"index","follow":"follow","max-snippet":"max-snippet:-1","max-image-preview":"max-image-preview:large","max-video-preview":"max-video-preview:-1"},"canonical":"https:\/\/aestheticroom.it\/it\/chi-sono\/","og_locale":"it_IT","og_type":"article","og_title":"Chi sono &#8902; Aestheticroom Bozen","og_description":"Medicina estetica e chirurgia del viso a Lagundo vicino Merano \u2013 Dr.Dr.ssa Evelyn Gander Con oltre 18 anni di esperienza nel campo della medicina estetica e della chirurgia plastica, nel mio studio \u201cAesthetic Room\u201d a Lagundo, vicino Merano, offro trattamenti moderni, sicuri e altamente personalizzati. Come specialista in chirurgia maxillo-facciale, mi concentro su tecniche estetiche [&hellip;]","og_url":"https:\/\/aestheticroom.it\/it\/chi-sono\/","og_site_name":"Aestheticroom Bozen","article_publisher":"https:\/\/www.facebook.com\/Dr-Dr-Evelyn-Gander-540919670168888","article_modified_time":"2025-08-23T19:29:52+00:00","og_image":[{"width":300,"height":416,"url":"https:\/\/aestheticroom.it\/wp-content\/uploads\/2023\/12\/Dr_Dr_Evelyn_Gander_Ueber_mich.png","type":"image\/png"}],"twitter_card":"summary_large_image","twitter_misc":{"Tempo di lettura stimato":"4 minuti"},"schema":{"@context":"https:\/\/schema.org","@graph":[{"@type":"WebPage","@id":"https:\/\/aestheticroom.it\/it\/chi-sono\/","url":"https:\/\/aestheticroom.it\/it\/chi-sono\/","name":"Chi sono &#8902; Aestheticroom Bozen","isPartOf":{"@id":"https:\/\/aestheticroom.it\/#website"},"primaryImageOfPage":{"@id":"https:\/\/aestheticroom.it\/it\/chi-sono\/#primaryimage"},"image":{"@id":"https:\/\/aestheticroom.it\/it\/chi-sono\/#primaryimage"},"thumbnailUrl":"https:\/\/aestheticroom.it\/wp-content\/uploads\/2023\/12\/Dr_Dr_Evelyn_Gander_Ueber_mich.png","datePublished":"2021-03-17T07:19:38+00:00","dateModified":"2025-08-23T19:29:52+00:00","breadcrumb":{"@id":"https:\/\/aestheticroom.it\/it\/chi-sono\/#breadcrumb"},"inLanguage":"it-IT","potentialAction":[{"@type":"ReadAction","target":["https:\/\/aestheticroom.it\/it\/chi-sono\/"]}]},{"@type":"ImageObject","inLanguage":"it-IT","@id":"https:\/\/aestheticroom.it\/it\/chi-sono\/#primaryimage","url":"https:\/\/aestheticroom.it\/wp-content\/uploads\/2023\/12\/Dr_Dr_Evelyn_Gander_Ueber_mich.png","contentUrl":"https:\/\/aestheticroom.it\/wp-content\/uploads\/2023\/12\/Dr_Dr_Evelyn_Gander_Ueber_mich.png"},{"@type":"BreadcrumbList","@id":"https:\/\/aestheticroom.it\/it\/chi-sono\/#breadcrumb","itemListElement":[{"@type":"ListItem","position":1,"name":"Home","item":"https:\/\/aestheticroom.it\/it\/"},{"@type":"ListItem","position":2,"name":"Chi sono"}]},{"@type":"WebSite","@id":"https:\/\/aestheticroom.it\/#website","url":"https:\/\/aestheticroom.it\/","name":"Aestheticroom Bozen","description":"Dr. Dr. Evelyn Gander","publisher":{"@id":"https:\/\/aestheticroom.it\/#organization"},"potentialAction":[{"@type":"SearchAction","target":{"@type":"EntryPoint","urlTemplate":"https:\/\/aestheticroom.it\/?s={search_term_string}"},"query-input":{"@type":"PropertyValueSpecification","valueRequired":true,"valueName":"search_term_string"}}],"inLanguage":"it-IT"},{"@type":"Organization","@id":"https:\/\/aestheticroom.it\/#organization","name":"AESTHETIC ROOM by Dr Dr Evelyn Gander","url":"https:\/\/aestheticroom.it\/","logo":{"@type":"ImageObject","inLanguage":"it-IT","@id":"https:\/\/aestheticroom.it\/#\/schema\/logo\/image\/","url":"https:\/\/aestheticroom.it\/wp-content\/uploads\/2021\/03\/logo-aestheticroom.png","contentUrl":"https:\/\/aestheticroom.it\/wp-content\/uploads\/2021\/03\/logo-aestheticroom.png","width":4469,"height":2483,"caption":"AESTHETIC ROOM by Dr Dr Evelyn Gander"},"image":{"@id":"https:\/\/aestheticroom.it\/#\/schema\/logo\/image\/"},"sameAs":["https:\/\/www.facebook.com\/Dr-Dr-Evelyn-Gander-540919670168888"]}]}},"_links":{"self":[{"href":"https:\/\/aestheticroom.it\/it\/wp-json\/wp\/v2\/pages\/1645","targetHints":{"allow":["GET"]}}],"collection":[{"href":"https:\/\/aestheticroom.it\/it\/wp-json\/wp\/v2\/pages"}],"about":[{"href":"https:\/\/aestheticroom.it\/it\/wp-json\/wp\/v2\/types\/page"}],"author":[{"embeddable":true,"href":"https:\/\/aestheticroom.it\/it\/wp-json\/wp\/v2\/users\/3"}],"replies":[{"embeddable":true,"href":"https:\/\/aestheticroom.it\/it\/wp-json\/wp\/v2\/comments?post=1645"}],"version-history":[{"count":4,"href":"https:\/\/aestheticroom.it\/it\/wp-json\/wp\/v2\/pages\/1645\/revisions"}],"predecessor-version":[{"id":2060,"href":"https:\/\/aestheticroom.it\/it\/wp-json\/wp\/v2\/pages\/1645\/revisions\/2060"}],"wp:attachment":[{"href":"https:\/\/aestheticroom.it\/it\/wp-json\/wp\/v2\/media?parent=1645"}],"curies":[{"name":"wp","href":"https:\/\/api.w.org\/{rel}","templated":true}]}}