{"id":1649,"date":"2021-03-17T08:36:17","date_gmt":"2021-03-17T07:36:17","guid":{"rendered":"https:\/\/aestheticroom.it\/note-legali\/"},"modified":"2025-08-21T14:13:25","modified_gmt":"2025-08-21T12:13:25","slug":"note-legali","status":"publish","type":"page","link":"https:\/\/aestheticroom.it\/it\/note-legali\/","title":{"rendered":"Note legali"},"content":{"rendered":"\t\t<div data-elementor-type=\"wp-page\" data-elementor-id=\"1649\" class=\"elementor elementor-1649 elementor-164\" data-elementor-post-type=\"page\">\n\t\t\t\t\t\t<section class=\"elementor-section elementor-top-section elementor-element elementor-element-b5f814e elementor-section-boxed elementor-section-height-default elementor-section-height-default\" data-id=\"b5f814e\" data-element_type=\"section\" data-e-type=\"section\" data-settings=\"{&quot;background_background&quot;:&quot;classic&quot;}\">\n\t\t\t\t\t\t<div class=\"elementor-container elementor-column-gap-no\">\n\t\t\t\t\t<div class=\"elementor-column elementor-col-100 elementor-top-column elementor-element elementor-element-284abcd\" data-id=\"284abcd\" data-element_type=\"column\" data-e-type=\"column\">\n\t\t\t<div class=\"elementor-widget-wrap\">\n\t\t\t\t\t\t\t<\/div>\n\t\t<\/div>\n\t\t\t\t\t<\/div>\n\t\t<\/section>\n\t\t\t\t<section class=\"elementor-section elementor-top-section elementor-element elementor-element-e1619b3 elementor-section-boxed elementor-section-height-default elementor-section-height-default\" data-id=\"e1619b3\" data-element_type=\"section\" data-e-type=\"section\">\n\t\t\t\t\t\t<div class=\"elementor-container elementor-column-gap-no\">\n\t\t\t\t\t<div class=\"elementor-column elementor-col-100 elementor-top-column elementor-element elementor-element-c038c6e\" data-id=\"c038c6e\" data-element_type=\"column\" data-e-type=\"column\">\n\t\t\t<div class=\"elementor-widget-wrap elementor-element-populated\">\n\t\t\t\t\t\t<div class=\"elementor-element elementor-element-245d980 elementor-widget elementor-widget-heading\" data-id=\"245d980\" data-element_type=\"widget\" data-e-type=\"widget\" data-widget_type=\"heading.default\">\n\t\t\t\t<div class=\"elementor-widget-container\">\n\t\t\t\t\t<h1 class=\"elementor-heading-title elementor-size-default\">Note legali<\/h1>\t\t\t\t<\/div>\n\t\t\t\t<\/div>\n\t\t\t\t<div class=\"elementor-element elementor-element-a8b3129 elementor-widget elementor-widget-heading\" data-id=\"a8b3129\" data-element_type=\"widget\" data-e-type=\"widget\" data-widget_type=\"heading.default\">\n\t\t\t\t<div class=\"elementor-widget-container\">\n\t\t\t\t\t<h1 class=\"elementor-heading-title elementor-size-default\">Note legali<\/h1>\t\t\t\t<\/div>\n\t\t\t\t<\/div>\n\t\t\t\t<div class=\"elementor-element elementor-element-9cd3362 elementor-widget elementor-widget-text-editor\" data-id=\"9cd3362\" data-element_type=\"widget\" data-e-type=\"widget\" data-widget_type=\"text-editor.default\">\n\t\t\t\t<div class=\"elementor-widget-container\">\n\t\t\t\t\t\t\t\t\t<p>Informazioni<\/p><p>Evelyn Gander<br>Via \/ Josef-Weingartner Stra\u00dfe 77D<br>39022 Algund \/ Lagundo<br><br><br><\/p><p><strong>Rappresentata da:<\/strong><br>Evelyn Gander<\/p><p><strong><br>Contatto:<\/strong><br>Telefono: 376 128 8030<br>E-mail: info@aestheticroom.it<\/p><p><strong><br>Partita IVA:<\/strong><br>Numero di identificazione IVA ai sensi del \u00a727a della legge sull&#8217;imposta sul valore aggiunto: 300976<\/p><p><strong><br>ID Economica:<\/strong><\/p><p><strong>Professione:<\/strong><br>Medici<br>Ordine professionale competente: Partita IVA 03281700215<br>Ordine dei Medici e degli Odontoiatri della Provincia di Bolzano<\/p><p> <\/p><p><strong>Esclusione di responsabilit\u00e0:<\/strong><\/p><p> <\/p><p><strong>Responsabilit\u00e0 per i contenuti<\/strong><\/p><p>I contenuti delle nostre pagine sono stati creati con la massima cura. Tuttavia, non possiamo garantire la correttezza, la completezza e l&#8217;attualit\u00e0 dei contenuti. In qualit\u00e0 di fornitore di servizi, siamo responsabili dei nostri contenuti su queste pagine ai sensi del \u00a7 7 comma 1 della TMG e delle leggi generali. Ai sensi dei \u00a7\u00a7 8-10 della TMG, in qualit\u00e0 di fornitore di servizi, non siamo tuttavia obbligati a monitorare le informazioni trasmesse o memorizzate da terzi o a indagare su circostanze che indichino un&#8217;attivit\u00e0 illecita. Gli obblighi di rimozione o blocco dell&#8217;utilizzo delle informazioni ai sensi delle leggi generali rimangono inalterati. Una responsabilit\u00e0 in tal senso \u00e8 tuttavia possibile solo a partire dal momento in cui si viene a conoscenza di una specifica violazione legale. In caso di conoscenza di violazioni legali corrispondenti, rimuoveremo immediatamente tali contenuti.       <\/p><p> <\/p><p><strong>Responsabilit\u00e0 per i link<\/strong><\/p><p>La nostra offerta contiene link a siti web esterni di terzi, sui cui contenuti non abbiamo alcuna influenza. Pertanto, non possiamo assumerci alcuna garanzia per questi contenuti esterni. Per i contenuti delle pagine collegate \u00e8 sempre responsabile il rispettivo fornitore o gestore delle pagine. Le pagine collegate sono state controllate al momento del collegamento per verificare eventuali violazioni legali. Contenuti illegali non erano riconoscibili al momento del collegamento. Tuttavia, un controllo permanente dei contenuti delle pagine collegate non \u00e8 ragionevole senza indicazioni concrete di una violazione legale. In caso di conoscenza di violazioni legali, rimuoveremo immediatamente tali link.      <\/p><p> <\/p><p><strong>Diritto d&#8217;autore<\/strong><\/p><p>I contenuti e le opere create dagli operatori del sito su queste pagine sono soggetti al diritto d&#8217;autore tedesco. La riproduzione, l&#8217;elaborazione, la distribuzione e qualsiasi tipo di utilizzo al di fuori dei limiti del diritto d&#8217;autore richiedono il consenso scritto del rispettivo autore o creatore. Download e copie di questa pagina sono consentiti solo per uso privato e non commerciale. Nella misura in cui i contenuti di questa pagina non sono stati creati dall&#8217;operatore, i diritti d&#8217;autore di terzi sono rispettati. In particolare, i contenuti di terzi sono contrassegnati come tali. Qualora doveste comunque venire a conoscenza di una violazione del diritto d&#8217;autore, vi preghiamo di segnalarcelo. In caso di conoscenza di violazioni legali, rimuoveremo immediatamente tali contenuti.      <\/p><p> <\/p><p><strong>Protezione dei dati<\/strong><\/p><p>L&#8217;utilizzo del nostro sito web \u00e8 generalmente possibile senza fornire dati personali. Nella misura in cui sul nostro sito vengono raccolti dati personali (ad esempio nome, indirizzo o indirizzi e-mail), ci\u00f2 avviene, per quanto possibile, sempre su base volontaria. Questi dati non vengono trasmessi a terzi senza il vostro esplicito consenso.<br>Si segnala che la trasmissione di dati su Internet (ad esempio, nella comunicazione via e-mail) pu\u00f2 presentare lacune di sicurezza. Una protezione completa dei dati dall&#8217;accesso di terzi non \u00e8 possibile.<br>Si vieta espressamente l&#8217;utilizzo da parte di terzi dei dati di contatto pubblicati nell&#8217;ambito dell&#8217;obbligo di impressum per l&#8217;invio di pubblicit\u00e0 e materiale informativo non espressamente richiesti. Gli operatori del sito si riservano espressamente il diritto di intraprendere azioni legali in caso di invio non richiesto di informazioni pubblicitarie, ad esempio tramite e-mail di spam.    <\/p><p> <\/p><p><strong>Google Analytics<\/strong><\/p><p>Questo sito web utilizza Google Analytics, un servizio di analisi web di Google Inc. (\u201cGoogle\u201d). Google Analytics utilizza i cosiddetti \u201ccookie\u201d, file di testo che vengono memorizzati sul vostro computer e che consentono un&#8217;analisi dell&#8217;utilizzo del sito web da parte vostra. Le informazioni generate dal cookie sull&#8217;utilizzo di questo sito web (incluso il vostro indirizzo IP) vengono trasmesse a un server di Google negli USA e l\u00ec memorizzate. Google utilizzer\u00e0 queste informazioni per valutare il vostro utilizzo del sito web, per compilare report sulle attivit\u00e0 del sito web per gli operatori del sito e per fornire altri servizi relativi all&#8217;utilizzo del sito web e di Internet. Google potr\u00e0 anche trasferire queste informazioni a terzi, se ci\u00f2 \u00e8 richiesto dalla legge o se terzi elaborano questi dati per conto di Google. Google non assocer\u00e0 in nessun caso il vostro indirizzo IP ad altri dati di Google. Potete impedire l&#8217;installazione dei cookie tramite un&#8217;apposita impostazione del vostro software browser; tuttavia, vi segnaliamo che in questo caso potreste non essere in grado di utilizzare appieno tutte le funzioni di questo sito web. Utilizzando questo sito web, acconsentite al trattamento dei dati raccolti su di voi da parte di Google nel modo e per lo scopo sopra descritti.        <\/p><p> <\/p><p><strong>Google AdSense<\/strong><\/p><p>Questo sito web utilizza Google AdSense, un servizio di pubblicit\u00e0 web di Google Inc., USA (\u201cGoogle\u201d). Google AdSense utilizza i cosiddetti \u201ccookie\u201d (file di testo) che vengono memorizzati sul vostro computer e che consentono un&#8217;analisi dell&#8217;utilizzo del sito web da parte vostra. Google AdSense utilizza anche i cosiddetti \u201cweb beacon\u201d (piccole grafiche invisibili) per la raccolta di informazioni. L&#8217;utilizzo del web beacon consente di registrare e raccogliere azioni semplici come il traffico di visitatori sul sito web. Le informazioni generate dal cookie e\/o dal web beacon sull&#8217;utilizzo di questo sito web (incluso il vostro indirizzo IP) vengono trasmesse a un server di Google negli USA e l\u00ec memorizzate. Google utilizzer\u00e0 queste informazioni per valutare il vostro utilizzo del sito web in relazione agli annunci, per compilare report sulle attivit\u00e0 del sito web e sugli annunci per gli operatori del sito e per fornire altri servizi relativi all&#8217;utilizzo del sito web e di Internet. Google potr\u00e0 anche trasferire queste informazioni a terzi, se ci\u00f2 \u00e8 richiesto dalla legge o se terzi elaborano questi dati per conto di Google. Google non assocer\u00e0 in nessun caso il vostro indirizzo IP ad altri dati di Google. Potete impedire la memorizzazione dei cookie sul vostro disco rigido e la visualizzazione dei web beacon selezionando \u201cnon accettare cookie\u201d nelle impostazioni del vostro browser (In MS Internet Explorer sotto \u201cStrumenti  &gt;  Opzioni Internet &gt; Privacy &gt; Impostazioni\u201d; in Firefox sotto \u201cStrumenti &gt; Opzioni &gt; Privacy &gt; Cookie\u201d); tuttavia, vi segnaliamo che in questo caso potreste non essere in grado di utilizzare appieno tutte le funzioni di questo sito web. Utilizzando questo sito web, acconsentite al trattamento dei dati raccolti su di voi da parte di Google nel modo e per lo scopo sopra descritti. <\/p>\t\t\t\t\t\t\t\t<\/div>\n\t\t\t\t<\/div>\n\t\t\t\t\t<\/div>\n\t\t<\/div>\n\t\t\t\t\t<\/div>\n\t\t<\/section>\n\t\t\t\t<\/div>\n\t\t","protected":false},"excerpt":{"rendered":"<p>Note legali Note legali Informazioni Evelyn GanderVia \/ Josef-Weingartner Stra\u00dfe 77D39022 Algund \/ Lagundo Rappresentata da:Evelyn Gander Contatto:Telefono: 376 128 8030E-mail: info@aestheticroom.it Partita IVA:Numero di identificazione IVA ai sensi del \u00a727a della legge sull&#8217;imposta sul valore aggiunto: 300976 ID Economica: Professione:MediciOrdine professionale competente: Partita IVA 03281700215Ordine dei Medici e degli Odontoiatri della Provincia di Bolzano [&hellip;]<\/p>\n","protected":false},"author":3,"featured_media":0,"parent":0,"menu_order":0,"comment_status":"closed","ping_status":"closed","template":"","meta":{"footnotes":""},"class_list":["post-1649","page","type-page","status-publish","hentry"],"yoast_head":"<!-- This site is optimized with the Yoast SEO plugin v27.4 - https:\/\/yoast.com\/product\/yoast-seo-wordpress\/ -->\n<title>Note legali &#8902; Aestheticroom Bozen<\/title>\n<meta name=\"robots\" content=\"index, follow, max-snippet:-1, max-image-preview:large, max-video-preview:-1\" \/>\n<link rel=\"canonical\" href=\"https:\/\/aestheticroom.it\/it\/note-legali\/\" \/>\n<meta property=\"og:locale\" content=\"it_IT\" \/>\n<meta property=\"og:type\" content=\"article\" \/>\n<meta property=\"og:title\" content=\"Note legali &#8902; Aestheticroom Bozen\" \/>\n<meta property=\"og:description\" content=\"Note legali Note legali Informazioni Evelyn GanderVia \/ Josef-Weingartner Stra\u00dfe 77D39022 Algund \/ Lagundo Rappresentata da:Evelyn Gander Contatto:Telefono: 376 128 8030E-mail: info@aestheticroom.it Partita IVA:Numero di identificazione IVA ai sensi del \u00a727a della legge sull&#8217;imposta sul valore aggiunto: 300976 ID Economica: Professione:MediciOrdine professionale competente: Partita IVA 03281700215Ordine dei Medici e degli Odontoiatri della Provincia di Bolzano [&hellip;]\" \/>\n<meta property=\"og:url\" content=\"https:\/\/aestheticroom.it\/it\/note-legali\/\" \/>\n<meta property=\"og:site_name\" content=\"Aestheticroom Bozen\" \/>\n<meta property=\"article:publisher\" content=\"https:\/\/www.facebook.com\/Dr-Dr-Evelyn-Gander-540919670168888\" \/>\n<meta property=\"article:modified_time\" content=\"2025-08-21T12:13:25+00:00\" \/>\n<meta property=\"og:image\" content=\"https:\/\/aestheticroom.it\/wp-content\/uploads\/2021\/03\/dr-dr-evelyn-gander.jpg\" \/>\n\t<meta property=\"og:image:width\" content=\"300\" \/>\n\t<meta property=\"og:image:height\" content=\"450\" \/>\n\t<meta property=\"og:image:type\" content=\"image\/jpeg\" \/>\n<meta name=\"twitter:card\" content=\"summary_large_image\" \/>\n<meta name=\"twitter:label1\" content=\"Tempo di lettura stimato\" \/>\n\t<meta name=\"twitter:data1\" content=\"5 minuti\" \/>\n<script type=\"application\/ld+json\" class=\"yoast-schema-graph\">{\"@context\":\"https:\\\/\\\/schema.org\",\"@graph\":[{\"@type\":\"WebPage\",\"@id\":\"https:\\\/\\\/aestheticroom.it\\\/it\\\/note-legali\\\/\",\"url\":\"https:\\\/\\\/aestheticroom.it\\\/it\\\/note-legali\\\/\",\"name\":\"Note legali &#8902; Aestheticroom Bozen\",\"isPartOf\":{\"@id\":\"https:\\\/\\\/aestheticroom.it\\\/#website\"},\"datePublished\":\"2021-03-17T07:36:17+00:00\",\"dateModified\":\"2025-08-21T12:13:25+00:00\",\"breadcrumb\":{\"@id\":\"https:\\\/\\\/aestheticroom.it\\\/it\\\/note-legali\\\/#breadcrumb\"},\"inLanguage\":\"it-IT\",\"potentialAction\":[{\"@type\":\"ReadAction\",\"target\":[\"https:\\\/\\\/aestheticroom.it\\\/it\\\/note-legali\\\/\"]}]},{\"@type\":\"BreadcrumbList\",\"@id\":\"https:\\\/\\\/aestheticroom.it\\\/it\\\/note-legali\\\/#breadcrumb\",\"itemListElement\":[{\"@type\":\"ListItem\",\"position\":1,\"name\":\"Home\",\"item\":\"https:\\\/\\\/aestheticroom.it\\\/it\\\/\"},{\"@type\":\"ListItem\",\"position\":2,\"name\":\"Note legali\"}]},{\"@type\":\"WebSite\",\"@id\":\"https:\\\/\\\/aestheticroom.it\\\/#website\",\"url\":\"https:\\\/\\\/aestheticroom.it\\\/\",\"name\":\"Aestheticroom Bozen\",\"description\":\"Dr. Dr. Evelyn Gander\",\"publisher\":{\"@id\":\"https:\\\/\\\/aestheticroom.it\\\/#organization\"},\"potentialAction\":[{\"@type\":\"SearchAction\",\"target\":{\"@type\":\"EntryPoint\",\"urlTemplate\":\"https:\\\/\\\/aestheticroom.it\\\/?s={search_term_string}\"},\"query-input\":{\"@type\":\"PropertyValueSpecification\",\"valueRequired\":true,\"valueName\":\"search_term_string\"}}],\"inLanguage\":\"it-IT\"},{\"@type\":\"Organization\",\"@id\":\"https:\\\/\\\/aestheticroom.it\\\/#organization\",\"name\":\"AESTHETIC ROOM by Dr Dr Evelyn Gander\",\"url\":\"https:\\\/\\\/aestheticroom.it\\\/\",\"logo\":{\"@type\":\"ImageObject\",\"inLanguage\":\"it-IT\",\"@id\":\"https:\\\/\\\/aestheticroom.it\\\/#\\\/schema\\\/logo\\\/image\\\/\",\"url\":\"https:\\\/\\\/aestheticroom.it\\\/wp-content\\\/uploads\\\/2021\\\/03\\\/logo-aestheticroom.png\",\"contentUrl\":\"https:\\\/\\\/aestheticroom.it\\\/wp-content\\\/uploads\\\/2021\\\/03\\\/logo-aestheticroom.png\",\"width\":4469,\"height\":2483,\"caption\":\"AESTHETIC ROOM by Dr Dr Evelyn Gander\"},\"image\":{\"@id\":\"https:\\\/\\\/aestheticroom.it\\\/#\\\/schema\\\/logo\\\/image\\\/\"},\"sameAs\":[\"https:\\\/\\\/www.facebook.com\\\/Dr-Dr-Evelyn-Gander-540919670168888\"]}]}<\/script>\n<!-- \/ Yoast SEO plugin. -->","yoast_head_json":{"title":"Note legali &#8902; Aestheticroom Bozen","robots":{"index":"index","follow":"follow","max-snippet":"max-snippet:-1","max-image-preview":"max-image-preview:large","max-video-preview":"max-video-preview:-1"},"canonical":"https:\/\/aestheticroom.it\/it\/note-legali\/","og_locale":"it_IT","og_type":"article","og_title":"Note legali &#8902; Aestheticroom Bozen","og_description":"Note legali Note legali Informazioni Evelyn GanderVia \/ Josef-Weingartner Stra\u00dfe 77D39022 Algund \/ Lagundo Rappresentata da:Evelyn Gander Contatto:Telefono: 376 128 8030E-mail: info@aestheticroom.it Partita IVA:Numero di identificazione IVA ai sensi del \u00a727a della legge sull&#8217;imposta sul valore aggiunto: 300976 ID Economica: Professione:MediciOrdine professionale competente: Partita IVA 03281700215Ordine dei Medici e degli Odontoiatri della Provincia di Bolzano [&hellip;]","og_url":"https:\/\/aestheticroom.it\/it\/note-legali\/","og_site_name":"Aestheticroom Bozen","article_publisher":"https:\/\/www.facebook.com\/Dr-Dr-Evelyn-Gander-540919670168888","article_modified_time":"2025-08-21T12:13:25+00:00","og_image":[{"width":300,"height":450,"url":"https:\/\/aestheticroom.it\/wp-content\/uploads\/2021\/03\/dr-dr-evelyn-gander.jpg","type":"image\/jpeg"}],"twitter_card":"summary_large_image","twitter_misc":{"Tempo di lettura stimato":"5 minuti"},"schema":{"@context":"https:\/\/schema.org","@graph":[{"@type":"WebPage","@id":"https:\/\/aestheticroom.it\/it\/note-legali\/","url":"https:\/\/aestheticroom.it\/it\/note-legali\/","name":"Note legali &#8902; Aestheticroom Bozen","isPartOf":{"@id":"https:\/\/aestheticroom.it\/#website"},"datePublished":"2021-03-17T07:36:17+00:00","dateModified":"2025-08-21T12:13:25+00:00","breadcrumb":{"@id":"https:\/\/aestheticroom.it\/it\/note-legali\/#breadcrumb"},"inLanguage":"it-IT","potentialAction":[{"@type":"ReadAction","target":["https:\/\/aestheticroom.it\/it\/note-legali\/"]}]},{"@type":"BreadcrumbList","@id":"https:\/\/aestheticroom.it\/it\/note-legali\/#breadcrumb","itemListElement":[{"@type":"ListItem","position":1,"name":"Home","item":"https:\/\/aestheticroom.it\/it\/"},{"@type":"ListItem","position":2,"name":"Note legali"}]},{"@type":"WebSite","@id":"https:\/\/aestheticroom.it\/#website","url":"https:\/\/aestheticroom.it\/","name":"Aestheticroom Bozen","description":"Dr. Dr. Evelyn Gander","publisher":{"@id":"https:\/\/aestheticroom.it\/#organization"},"potentialAction":[{"@type":"SearchAction","target":{"@type":"EntryPoint","urlTemplate":"https:\/\/aestheticroom.it\/?s={search_term_string}"},"query-input":{"@type":"PropertyValueSpecification","valueRequired":true,"valueName":"search_term_string"}}],"inLanguage":"it-IT"},{"@type":"Organization","@id":"https:\/\/aestheticroom.it\/#organization","name":"AESTHETIC ROOM by Dr Dr Evelyn Gander","url":"https:\/\/aestheticroom.it\/","logo":{"@type":"ImageObject","inLanguage":"it-IT","@id":"https:\/\/aestheticroom.it\/#\/schema\/logo\/image\/","url":"https:\/\/aestheticroom.it\/wp-content\/uploads\/2021\/03\/logo-aestheticroom.png","contentUrl":"https:\/\/aestheticroom.it\/wp-content\/uploads\/2021\/03\/logo-aestheticroom.png","width":4469,"height":2483,"caption":"AESTHETIC ROOM by Dr Dr Evelyn Gander"},"image":{"@id":"https:\/\/aestheticroom.it\/#\/schema\/logo\/image\/"},"sameAs":["https:\/\/www.facebook.com\/Dr-Dr-Evelyn-Gander-540919670168888"]}]}},"_links":{"self":[{"href":"https:\/\/aestheticroom.it\/it\/wp-json\/wp\/v2\/pages\/1649","targetHints":{"allow":["GET"]}}],"collection":[{"href":"https:\/\/aestheticroom.it\/it\/wp-json\/wp\/v2\/pages"}],"about":[{"href":"https:\/\/aestheticroom.it\/it\/wp-json\/wp\/v2\/types\/page"}],"author":[{"embeddable":true,"href":"https:\/\/aestheticroom.it\/it\/wp-json\/wp\/v2\/users\/3"}],"replies":[{"embeddable":true,"href":"https:\/\/aestheticroom.it\/it\/wp-json\/wp\/v2\/comments?post=1649"}],"version-history":[{"count":1,"href":"https:\/\/aestheticroom.it\/it\/wp-json\/wp\/v2\/pages\/1649\/revisions"}],"predecessor-version":[{"id":1650,"href":"https:\/\/aestheticroom.it\/it\/wp-json\/wp\/v2\/pages\/1649\/revisions\/1650"}],"wp:attachment":[{"href":"https:\/\/aestheticroom.it\/it\/wp-json\/wp\/v2\/media?parent=1649"}],"curies":[{"name":"wp","href":"https:\/\/api.w.org\/{rel}","templated":true}]}}